{"id":23234881,"date":"2024-09-23T16:29:29","date_gmt":"2024-09-23T14:29:29","guid":{"rendered":"https:\/\/www.mycurli.com\/small-to-medium-sized-dogs-curli-vest-harness-the-glow\/"},"modified":"2024-10-22T10:20:59","modified_gmt":"2024-10-22T08:20:59","slug":"small-to-medium-sized-dogs-curli-vest-harness-the-glow","status":"publish","type":"page","link":"https:\/\/www.mycurli.com\/de\/small-to-medium-sized-dogs-curli-vest-harness-the-glow\/","title":{"rendered":"Small to medium sized dogs \u2013 curli Vest Harness The Glow"},"content":{"rendered":"<p>[et_pb_section fb_built=&#8220;1&#8243; custom_padding_last_edited=&#8220;off|desktop&#8220; admin_label=&#8220;Overlay Buttons Shopfinder &#038; Instagram&#8220; module_id=&#8220;section-overlay-buttons&#8220; _builder_version=&#8220;4.22.2&#8243; _module_preset=&#8220;default&#8220; custom_padding=&#8220;0px||0px||false|false&#8220; custom_css_main_element=&#8220;padding:0&#8243; global_module=&#8220;23229574&#8243; saved_tabs=&#8220;all&#8220; locked=&#8220;off&#8220; collapsed=&#8220;on&#8220; global_colors_info=&#8220;{}&#8220;][et_pb_row admin_label=&#8220;Overlay Buttons (Position)&#8220; module_id=&#8220;row-overlay-buttons&#8220; _builder_version=&#8220;4.21.0&#8243; _module_preset=&#8220;default&#8220; positioning=&#8220;fixed&#8220; position_origin_f=&#8220;bottom_right&#8220; vertical_offset=&#8220;10vh&#8220; horizontal_offset=&#8220;3vw&#8220; z_index=&#8220;999999&#8243; vertical_offset_tablet=&#8220;10vh&#8220; vertical_offset_phone=&#8220;10vh&#8220; vertical_offset_last_edited=&#8220;on|phone&#8220; horizontal_offset_tablet=&#8220;4vw&#8220; horizontal_offset_phone=&#8220;0.2vw&#8220; horizontal_offset_last_edited=&#8220;on|phone&#8220; width=&#8220;68px&#8220; max_width=&#8220;68px&#8220; custom_padding=&#8220;0px||0px||true|false&#8220; sticky_limit_top=&#8220;section&#8220; custom_css_main_element=&#8220;width:unset;&#8220; global_colors_info=&#8220;{}&#8220;][et_pb_column type=&#8220;4_4&#8243; module_id=&#8220;column-overlay-buttons&#8220; admin_label=&#8220;Overlay Buttons&#8220; _builder_version=&#8220;4.19.5&#8243; _module_preset=&#8220;default&#8220; global_colors_info=&#8220;{}&#8220;][et_pb_text admin_label=&#8220;icon bag&#8220; module_class=&#8220;curli-overlay-button&#8220; _builder_version=&#8220;4.21.0&#8243; _dynamic_attributes=&#8220;link_option_url&#8220; _module_preset=&#8220;default&#8220; background_color=&#8220;gcid-46094c9d-6805-4d81-a481-b0e9ae79c862&#8243; width=&#8220;60px&#8220; width_tablet=&#8220;&#8220; width_phone=&#8220;&#8220; width_last_edited=&#8220;on|desktop&#8220; height=&#8220;60px&#8220; height_tablet=&#8220;&#8220; height_phone=&#8220;&#8220; height_last_edited=&#8220;on|phone&#8220; custom_margin=&#8220;12px|6px|12px|6px|true|true&#8220; custom_margin_tablet=&#8220;&#8220; custom_margin_phone=&#8220;&#8220; custom_margin_last_edited=&#8220;on|desktop&#8220; custom_padding_tablet=&#8220;&#8220; custom_padding_phone=&#8220;&#8220; custom_padding_last_edited=&#8220;on|phone&#8220; link_option_url=&#8220;@ET-DC@eyJkeW5hbWljIjp0cnVlLCJjb250ZW50IjoicG9zdF9saW5rX3VybF9wYWdlIiwic2V0dGluZ3MiOnsicG9zdF9pZCI6Ijc0MyJ9fQ==@&#8220; link_option_url_new_window=&#8220;on&#8220; border_radii=&#8220;on|50%|50%|50%|50%&#8220; global_colors_info=&#8220;{%22gcid-46094c9d-6805-4d81-a481-b0e9ae79c862%22:%91%22background_color%22%93}&#8220;]<\/p>\n<p><i class=\"curli-glyphs icon-bag\"><\/i><\/p>\n<p>[\/et_pb_text][et_pb_text admin_label=&#8220;icon instagram&#8220; module_class=&#8220;curli-overlay-button&#8220; _builder_version=&#8220;4.21.0&#8243; _module_preset=&#8220;default&#8220; background_color=&#8220;gcid-46094c9d-6805-4d81-a481-b0e9ae79c862&#8243; width=&#8220;60px&#8220; height=&#8220;60px&#8220; custom_margin=&#8220;12px|6px|12px|6px|true|true&#8220; link_option_url=&#8220;https:\/\/www.instagram.com\/curli\/&#8220; link_option_url_new_window=&#8220;on&#8220; border_radii=&#8220;on|50%|50%|50%|50%&#8220; global_colors_info=&#8220;{%22gcid-46094c9d-6805-4d81-a481-b0e9ae79c862%22:%91%22background_color%22%93}&#8220;]<\/p>\n<p><i class=\"curli-glyphs icon-camera\"><\/i><\/p>\n<p>[\/et_pb_text][\/et_pb_column][\/et_pb_row][\/et_pb_section][et_pb_section fb_built=&#8220;1&#8243; admin_label=&#8220;Section Header Bild Hintergrund&#8220; module_class=&#8220;curli-scroll-snap-section&#8220; _builder_version=&#8220;4.24.2&#8243; _module_preset=&#8220;default&#8220; background_image=&#8220;https:\/\/www.mycurli.com\/wp-content\/uploads\/2024\/09\/curli-Vest-Harness-The-Glow-Header-Image-web.jpg&#8220; height=&#8220;70vh&#8220; custom_margin=&#8220;||||false|false&#8220; locked=&#8220;off&#8220; collapsed=&#8220;off&#8220; global_colors_info=&#8220;{}&#8220;][et_pb_row _builder_version=&#8220;4.24.2&#8243; _module_preset=&#8220;default&#8220; global_colors_info=&#8220;{}&#8220;][et_pb_column type=&#8220;4_4&#8243; _builder_version=&#8220;4.21.0&#8243; _module_preset=&#8220;default&#8220; global_colors_info=&#8220;{}&#8220;][et_pb_text admin_label=&#8220;Titel&#8220; _builder_version=&#8220;4.24.2&#8243; _module_preset=&#8220;default&#8220; text_text_color=&#8220;#FFFFFF&#8220; text_font_size=&#8220;32px&#8220; global_colors_info=&#8220;{}&#8220;]<\/p>\n<p>curli Vest Harness The Glow<\/p>\n<p>[\/et_pb_text][\/et_pb_column][\/et_pb_row][et_pb_row _builder_version=&#8220;4.21.0&#8243; _module_preset=&#8220;default&#8220; positioning=&#8220;absolute&#8220; position_origin_a=&#8220;bottom_center&#8220; vertical_offset=&#8220;-26px&#8220; z_index=&#8220;1&#8243; custom_margin=&#8220;0px||0px||true|false&#8220; custom_padding=&#8220;0px||0px||true|false&#8220; global_colors_info=&#8220;{}&#8220;][et_pb_column type=&#8220;4_4&#8243; _builder_version=&#8220;4.21.0&#8243; _module_preset=&#8220;default&#8220; global_colors_info=&#8220;{}&#8220;][et_pb_code admin_label=&#8220;icon arrow down weiss rund&#8220; _builder_version=&#8220;4.21.0&#8243; _module_preset=&#8220;default&#8220; background_color=&#8220;#FFFFFF&#8220; width=&#8220;52px&#8220; module_alignment=&#8220;center&#8220; height=&#8220;52px&#8220; custom_margin=&#8220;||||false|false&#8220; custom_padding=&#8220;||||false|false&#8220; link_option_url=&#8220;#headline&#8220; custom_css_main_element=&#8220;display:flex;||align-items:center;||justify-content:center;||font-size:32px;&#8220; border_radii=&#8220;on|50%|50%|50%|50%&#8220; locked=&#8220;off&#8220; global_colors_info=&#8220;{}&#8220;]<i class=\"curli-glyphs icon-arrow_carrot-down\"><\/i>[\/et_pb_code][\/et_pb_column][\/et_pb_row][\/et_pb_section][et_pb_section fb_built=&#8220;1&#8243; admin_label=&#8220;Section Spitzmarke + Headline&#8220; module_class=&#8220;curli-scroll-snap-section&#8220; _builder_version=&#8220;4.23&#8243; _module_preset=&#8220;default&#8220; custom_margin=&#8220;||0px||false|false&#8220; custom_padding=&#8220;10px||0px||false|false&#8220; locked=&#8220;off&#8220; collapsed=&#8220;off&#8220; global_colors_info=&#8220;{}&#8220;][et_pb_row admin_label=&#8220;Row \u2013 Headline mit Sprungmarke&#8220; _builder_version=&#8220;4.21.0&#8243; _module_preset=&#8220;default&#8220; custom_margin=&#8220;||0px||false|false&#8220; custom_padding=&#8220;||0px||false|false&#8220; global_colors_info=&#8220;{}&#8220;][et_pb_column type=&#8220;4_4&#8243; _builder_version=&#8220;4.21.0&#8243; _module_preset=&#8220;default&#8220; global_colors_info=&#8220;{}&#8220;][et_pb_text admin_label=&#8220;Spitzmarke \u2013 NEW curli Vest Harness \u2013 The Glow&#8220; _builder_version=&#8220;4.24.2&#8243; _module_preset=&#8220;default&#8220; text_font=&#8220;||||||||&#8220; text_text_color=&#8220;gcid-82db9916-eee9-4861-b5d4-839ce08ece2e&#8220; locked=&#8220;off&#8220; global_colors_info=&#8220;{%22gcid-82db9916-eee9-4861-b5d4-839ce08ece2e%22:%91%22text_text_color%22%93}&#8220;]<\/p>\n<p>NEU curli Vest Harness \u2013 The Glow<\/p>\n<p>[\/et_pb_text][et_pb_text admin_label=&#8220;Headline \u2013 Go for the max in terms of safety in the dark&#8220; module_id=&#8220;headline&#8220; _builder_version=&#8220;4.24.2&#8243; _module_preset=&#8220;default&#8220; global_colors_info=&#8220;{}&#8220;]<\/p>\n<h1>Maximal reflektierend im Dunkeln.<\/h1>\n<p>[\/et_pb_text][\/et_pb_column][\/et_pb_row][\/et_pb_section][et_pb_section fb_built=&#8220;1&#8243; admin_label=&#8220;Section Introblock&#8220; module_class=&#8220;curli-scroll-snap-section&#8220; _builder_version=&#8220;4.23&#8243; _module_preset=&#8220;default&#8220; locked=&#8220;off&#8220; collapsed=&#8220;off&#8220; global_colors_info=&#8220;{}&#8220;][et_pb_row column_structure=&#8220;1_2,1_2&#8243; admin_label=&#8220;Intro Product&#8220; _builder_version=&#8220;4.21.0&#8243; _module_preset=&#8220;default&#8220; custom_margin=&#8220;0px||||false|false&#8220; custom_padding=&#8220;0px||||false|false&#8220; global_colors_info=&#8220;{}&#8220;][et_pb_column type=&#8220;1_2&#8243; _builder_version=&#8220;4.20.0&#8243; _module_preset=&#8220;default&#8220; global_colors_info=&#8220;{}&#8220;][et_pb_image src=&#8220;https:\/\/www.mycurli.com\/wp-content\/uploads\/2024\/09\/curli-Vest-Harness-The-Glow-Product-Detail-01-EN-web.jpg&#8220; alt=&#8220;curli Vest Harness The Alpine. Premium Hundegeschirr f\u00fcr kleine bis mittelgro\u00dfe Hunde. Ultraleicht, hohe Leistung. Ma\u00dfgeschneiderter Ergo Fit zum Schutz der Wirbels\u00e4ule und der Gesundheit des Hundes. Nachhaltiger, recycelter PET-Filz.&#8220; title_text=&#8220;curli-Vest-Harness-The-Glow-Product-Detail-01-EN-web&#8220; _builder_version=&#8220;4.24.2&#8243; _module_preset=&#8220;default&#8220; background_color=&#8220;RGBA(255,255,255,0)&#8220; custom_margin=&#8220;||40px||false|false&#8220; global_colors_info=&#8220;{}&#8220;][\/et_pb_image][et_pb_text admin_label=&#8220;Quote Start&#8220; _builder_version=&#8220;4.24.2&#8243; _module_preset=&#8220;default&#8220; text_text_color=&#8220;#00b1eb&#8220; text_font_size=&#8220;40px&#8220; text_line_height=&#8220;0.5em&#8220; header_5_text_color=&#8220;#00b1eb&#8220; header_5_font_size=&#8220;19px&#8220; header_5_line_height=&#8220;1.2em&#8220; custom_margin=&#8220;||18px||false|false&#8220; global_colors_info=&#8220;{}&#8220;]<\/p>\n<p>\u00bb<\/p>\n<p>[\/et_pb_text][et_pb_text admin_label=&#8220;Quote Text&#8220; _builder_version=&#8220;4.24.2&#8243; _module_preset=&#8220;default&#8220; text_text_color=&#8220;#00b1eb&#8220; text_font_size=&#8220;40px&#8220; text_line_height=&#8220;0.5em&#8220; header_5_text_color=&#8220;#00b1eb&#8220; header_5_font_size=&#8220;19px&#8220; header_5_line_height=&#8220;1.2em&#8220; custom_margin=&#8220;||0px||false|false&#8220; custom_padding=&#8220;||0px||false|false&#8220; global_colors_info=&#8220;{}&#8220;]<\/p>\n<h5>High-performance Hundegeschirr mit extra Sicherheitsfunktion. Der perfekte Begeliter auf Gassirunden im Dunkeln. <\/h5>\n<p>[\/et_pb_text][et_pb_text disabled_on=&#8220;on|on|on&#8220; admin_label=&#8220;Quote curli Expert Tip&#8220; _builder_version=&#8220;4.21.0&#8243; _module_preset=&#8220;default&#8220; text_text_color=&#8220;#00b1eb&#8220; text_font_size=&#8220;12px&#8220; text_line_height=&#8220;0.5em&#8220; header_5_text_color=&#8220;#00b1eb&#8220; header_5_font_size=&#8220;19px&#8220; header_5_line_height=&#8220;1.2em&#8220; text_orientation=&#8220;right&#8220; custom_margin=&#8220;0px||10px||false|false&#8220; custom_padding=&#8220;0px||0px||false|false&#8220; disabled=&#8220;on&#8220; global_colors_info=&#8220;{}&#8220;]curli Experten Tipp[\/et_pb_text][et_pb_text admin_label=&#8220;Quote End&#8220; _builder_version=&#8220;4.21.0&#8243; _module_preset=&#8220;default&#8220; text_text_color=&#8220;#00b1eb&#8220; text_font_size=&#8220;40px&#8220; text_line_height=&#8220;0.5em&#8220; header_5_text_color=&#8220;#00b1eb&#8220; header_5_font_size=&#8220;19px&#8220; header_5_line_height=&#8220;1.2em&#8220; text_orientation=&#8220;right&#8220; custom_margin=&#8220;-2px||49px||false|false&#8220; global_colors_info=&#8220;{}&#8220;]\u00ab[\/et_pb_text][et_pb_text _builder_version=&#8220;4.24.2&#8243; _module_preset=&#8220;default&#8220; global_colors_info=&#8220;{}&#8220;]<\/p>\n<p class=\"p1\">F\u00fcr kleine bis mittelgrosse Hunde ist das curli Vest Harness die ideale L\u00f6sung, wenn es um ein gut sitzendes Geschirr geht, das maximale Bewegungsfreiheit und optimale Sicherheit im Sinne der Ergonomie bietet. Der Tailored Ergo Fit von curli Geschirren ist so konzipiert, dass er sich dem K\u00f6rper des Hundes perfekt anpasst und einen optimalen Sitz gew\u00e4hrleistet. Das breite Gr\u00f6ssensortiment, das sieben Gr\u00f6ssen f\u00fcr kleine bis mittelgrosse Hunde umfasst, erm\u00f6glicht es, ein Geschirr zu finden, das perfekt passt und so eine sichere F\u00fchrung des Hundes erm\u00f6glicht, w\u00e4hrend gleichzeitig die Zugkr\u00e4fte optimal auf den Hundek\u00f6rper verteilt werden.  <span class=\"Apple-converted-space\">  <\/span>Jedes curli-Geschirr ist so konzipiert, dass es nicht mehr als 2% des Gewicht des Hundes wiegt. So wird die empfindliche Wirbels\u00e4ule des Hundes gesch\u00fctzt.<\/p>\n<p class=\"p1\">The Vest Harness The Glow ist aus einem innovativen 360\u00b0-reflektierenden Material gefertigt. Das reflektierende Hochleistungsgewebe ist ein Stoff aus einer Kombination von Baumwolle und PU, der mit einer feinen Schicht aus Glasstaub und Mikroprismen versehen ist. Diese Schicht wird auf das Gewebe aufgebracht und reflektiert das Licht, wenn es von einer Lichtquelle angestrahlt wird.  <\/p>\n<p class=\"p1\">Das macht das curli Vest Harness The Glow zu einem perfekten Begleiter, wenn die Tage k\u00fcrzer werden und zus\u00e4tzliche Sicherheit bei den t\u00e4glichen Spazierg\u00e4ngen gefragt ist.<\/p>\n<p>[\/et_pb_text][\/et_pb_column][et_pb_column type=&#8220;1_2&#8243; _builder_version=&#8220;4.20.0&#8243; _module_preset=&#8220;default&#8220; global_colors_info=&#8220;{}&#8220;][et_pb_text admin_label=&#8220;Text Features&#8220; _builder_version=&#8220;4.24.2&#8243; _module_preset=&#8220;default&#8220; locked=&#8220;off&#8220; global_colors_info=&#8220;{}&#8220;]<\/p>\n<p><span style=\"color: #00b1eb;\">PATENTIERTER curli CLASP VERSCHLUSS<\/span><br \/>Der curli clasp Verschluss ist der am einfachsten zu bedienende und sicherste Hundegeschirrverschluss der Welt. Dank des CLICK. SNAP. GO. curli Clasp Prinzips kann er einfach ge\u00f6ffnet, geschlossen und an der Leine befestigt werden.<\/p>\n<p><span style=\"color: #00b1eb;\">EXTRA LEICHT<\/span><br \/>Das curli Vest Harness The Glow ist besonders leicht und schont so die empfindliche Wirbels\u00e4ule des Hundes.<\/p>\n<p><span style=\"color: #00b1eb;\">ZUGKRAFTVERTEILUNG<\/span><br \/>Gekreuzte Nylonb\u00e4nder stellen sicher, dass die Zugkraft, die beim F\u00fchren und Leiten des Hundes entsteht optimal auf den K\u00f6rper des Hundes zu verteilen. So werden die t\u00e4glichen Spazierg\u00e4nge mit dem Hund zu einer bequemen Routine.<\/p>\n<p><span style=\"color: #00b1eb;\">PERFEKTE PASSFORM<\/span><br \/>Der Tailored Ergo Fit, dehnbare N\u00e4hte, sieben verschiedene Gr\u00f6ssen von 3XS bis XL sowie ein verstellbarer Klettverschluss machen das curli Vest Harness The Glow zum perfekten Geschirr f\u00fcr Ihren kleinen bis mittelgrossen Hund.\u2028Es bietet maximale Bewegungsfreiheit und gleichzeitig zuverl\u00e4ssige Sicherheit.<\/p>\n<p><span style=\"color: #00b1eb;\">INTEGRIERTER DOG TAG<\/span><br \/>Das curli Vest Harness The Glow verf\u00fcgt \u00fcber einen integrierten Dog Tag: den curli Dogfinder Tag. Sie k\u00f6nnen Ihren Hund mit der eindeutigen ID, die Sie an Ihrem Geschirr finden, ganz einfach auf der DogFinder-Website registrieren. Auf diese Weise finden vermisste Hunde schneller nach Hause.<br \/>Ein Life -Time-Free curli Safety Service.<\/p>\n<p>[\/et_pb_text][et_pb_image src=&#8220;https:\/\/www.mycurli.com\/wp-content\/uploads\/2024\/09\/curli-Vest-Harness-The-Glow-Product-Detail-02-EN-web.jpg&#8220; alt=&#8220;curli Vest Harness The Alpine. Premium Hundegeschirr f\u00fcr kleine bis mittelgro\u00dfe Hunde. Ultraleicht, hohe Leistung. Ma\u00dfgeschneiderter Ergo Fit zum Schutz der Wirbels\u00e4ule und der Gesundheit des Hundes. Nachhaltiger, recycelter PET-Filz.&#8220; title_text=&#8220;curli-Vest-Harness-The-Glow-Product-Detail-02-EN-web&#8220; url=&#8220;https:\/\/www.mycurli.com\/de\/magazin\/curli-brand-story-unsere-herkunft\/&#8220; _builder_version=&#8220;4.24.2&#8243; _module_preset=&#8220;default&#8220; background_color=&#8220;RGBA(255,255,255,0)&#8220; custom_margin=&#8220;||40px||false|false&#8220; global_colors_info=&#8220;{}&#8220;][\/et_pb_image][et_pb_button button_url=&#8220;@ET-DC@eyJkeW5hbWljIjp0cnVlLCJjb250ZW50IjoicG9zdF9saW5rX3VybF9jYXRhbG9nIiwic2V0dGluZ3MiOnsicG9zdF9pZCI6IjIzMjM0MzQyIn19@&#8220; button_text=&#8220;MEHR DETAILS&#8220; button_alignment=&#8220;right&#8220; admin_label=&#8220;Button Katalogeintrag&#8220; _builder_version=&#8220;4.24.2&#8243; _dynamic_attributes=&#8220;button_url&#8220; _module_preset=&#8220;default&#8220; custom_button=&#8220;on&#8220; button_text_size=&#8220;14px&#8220; button_border_color=&#8220;RGBA(255,255,255,0)&#8220; button_border_radius=&#8220;0px&#8220; button_icon=&#8220;&#x3d;||divi||400&#8243; button_icon_placement=&#8220;left&#8220; button_on_hover=&#8220;off&#8220; custom_padding=&#8220;0px||20px||false|false&#8220; hover_enabled=&#8220;0&#8243; locked=&#8220;off&#8220; global_colors_info=&#8220;{}&#8220; sticky_enabled=&#8220;0&#8243;][\/et_pb_button][\/et_pb_column][\/et_pb_row][\/et_pb_section][et_pb_section fb_built=&#8220;1&#8243; custom_padding_last_edited=&#8220;off|desktop&#8220; disabled_on=&#8220;off|off|off&#8220; admin_label=&#8220;Section curli Vest Harness \u2013 The Glow&#8220; module_class=&#8220;curli-drop-down-section&#8220; _builder_version=&#8220;4.24.2&#8243; _module_preset=&#8220;default&#8220; background_enable_image=&#8220;off&#8220; min_height_last_edited=&#8220;off|desktop&#8220; custom_margin=&#8220;||12px||false|false&#8220; custom_padding=&#8220;0px|0px|0px|0px|true|true&#8220; global_module=&#8220;23234601&#8243; saved_tabs=&#8220;all&#8220; locked=&#8220;off&#8220; collapsed=&#8220;off&#8220; global_colors_info=&#8220;{}&#8220;][et_pb_row column_structure=&#8220;1_2,1_2&#8243; disabled_on=&#8220;off|off|off&#8220; admin_label=&#8220;Image&#8220; module_class=&#8220;curli-display-section&#8220; _builder_version=&#8220;4.24.2&#8243; _module_preset=&#8220;default&#8220; background_image=&#8220;https:\/\/www.mycurli.com\/wp-content\/uploads\/2024\/09\/curli-Vest-Harness-The-Glow-Teaser-Image-web.jpg&#8220; width=&#8220;100%&#8220; max_width=&#8220;100%&#8220; max_width_tablet=&#8220;100%&#8220; max_width_phone=&#8220;100%&#8220; max_width_last_edited=&#8220;on|desktop&#8220; min_height=&#8220;70vh&#8220; height=&#8220;70vh&#8220; max_height=&#8220;70vh&#8220; overflow-x=&#8220;hidden&#8220; overflow-y=&#8220;hidden&#8220; custom_css_main_element=&#8220;padding:0;||margin-left:0;&#8220; global_colors_info=&#8220;{}&#8220;][et_pb_column type=&#8220;1_2&#8243; module_class=&#8220;curli-focus-point-wrapper&#8220; admin_label=&#8220;Focus Point&#8220; _builder_version=&#8220;4.24.2&#8243; _module_preset=&#8220;default&#8220; overflow-x=&#8220;hidden&#8220; overflow-y=&#8220;hidden&#8220; global_colors_info=&#8220;{}&#8220;][et_pb_text admin_label=&#8220;Focuspoint mit Bild &#038; Text&#8220; module_class=&#8220;curli-focus-point&#8220; _builder_version=&#8220;4.24.2&#8243; _module_preset=&#8220;default&#8220; background_color=&#8220;#FFFFFF&#8220; background_image=&#8220;https:\/\/www.mycurli.com\/wp-content\/uploads\/2024\/09\/curli-Vest-Harness-The-Glow-Product-Image-Thumpnail-EN-web.jpg&#8220; background_size=&#8220;custom&#8220; position_origin_r=&#8220;bottom_left&#8220; vertical_offset_tablet=&#8220;&#8220; vertical_offset_phone=&#8220;&#8220; vertical_offset_last_edited=&#8220;on|tablet&#8220; horizontal_offset_tablet=&#8220;&#8220; horizontal_offset_phone=&#8220;&#8220; horizontal_offset_last_edited=&#8220;on|phone&#8220; header_3_letter_spacing_tablet=&#8220;&#8220; header_3_letter_spacing_phone=&#8220;-0.5px&#8220; header_3_letter_spacing_last_edited=&#8220;on|phone&#8220; background_last_edited=&#8220;on|phone&#8220; background_position_phone=&#8220;center&#8220; background_vertical_offset_tablet=&#8220;44%&#8220; border_radii=&#8220;on|100%|100%|100%|100%&#8220; global_colors_info=&#8220;{}&#8220;]<\/p>\n<h3>The Glow Vest Harness<\/h3>\n<p>Sicherheit im Dunkeln[\/et_pb_text][\/et_pb_column][et_pb_column type=&#8220;1_2&#8243; admin_label=&#8220;Right open button (Desktop)&#8220; disabled_on=&#8220;on|off|off&#8220; _builder_version=&#8220;4.21.0&#8243; _module_preset=&#8220;default&#8220; background_color=&#8220;#FFFFFF&#8220; position_origin_a=&#8220;center_right&#8220; position_origin_r=&#8220;top_right&#8220; custom_padding=&#8220;||||false|false&#8220; custom_css_main_element=&#8220;left: auto;||display: flex;||align-items: center;||position: absolute!important;||top: 0!important;||right: 0!important;||bottom: 0!important;||width: 50px!important;&#8220; global_colors_info=&#8220;{}&#8220;][et_pb_code admin_label=&#8220;Button icon weiss additional content 1&#8243; module_class=&#8220;curli-toggle-display-section curli-toggle-display-section-large&#8220; _builder_version=&#8220;4.23&#8243; _module_preset=&#8220;default&#8220; background_color=&#8220;#FFFFFF&#8220; text_orientation=&#8220;center&#8220; height=&#8220;52px&#8220; custom_margin=&#8220;|||-76px|false|false&#8220; custom_padding=&#8220;|12px||12px|false|true&#8220; custom_css_main_element=&#8220;display:flex;||align-items:center;||justify-content:center;||font-size:32px;&#8220; border_radii=&#8220;on|26px|26px|26px|26px&#8220; global_colors_info=&#8220;{}&#8220;]<span>Mehr<\/span> <i class=\"curli-glyphs icon-additional-content\"><\/i>[\/et_pb_code][\/et_pb_column][\/et_pb_row][et_pb_row disabled_on=&#8220;off|on|on&#8220; admin_label=&#8220;Bottom open button (Phone)&#8220; _builder_version=&#8220;4.21.0&#8243; _module_preset=&#8220;default&#8220; z_index=&#8220;10&#8243; custom_margin=&#8220;-27px||0px||false|false&#8220; custom_padding=&#8220;0px||0px||false|false&#8220; collapsed=&#8220;off&#8220; global_colors_info=&#8220;{}&#8220;][et_pb_column type=&#8220;4_4&#8243; _builder_version=&#8220;4.21.0&#8243; _module_preset=&#8220;default&#8220; position_origin_a=&#8220;bottom_center&#8220; custom_padding=&#8220;0px|0px|0px|0px|false|false&#8220; global_colors_info=&#8220;{}&#8220;][et_pb_code admin_label=&#8220;Button icon weiss additional content 2&#8243; module_class=&#8220;curli-toggle-display-section curli-toggle-display-section-small&#8220; _builder_version=&#8220;4.21.0&#8243; _module_preset=&#8220;default&#8220; background_color=&#8220;#FFFFFF&#8220; width=&#8220;52px&#8220; module_alignment=&#8220;center&#8220; height=&#8220;52px&#8220; custom_margin=&#8220;||||false|false&#8220; custom_padding=&#8220;||||false|false&#8220; custom_css_main_element=&#8220;display:flex;||align-items:center;||justify-content:center;||font-size:32px;&#8220; border_radii=&#8220;on|50%|50%|50%|50%&#8220; global_colors_info=&#8220;{}&#8220;]<i class=\"curli-glyphs icon-additional-content\"><\/i>[\/et_pb_code][\/et_pb_column][\/et_pb_row][et_pb_row disabled_on=&#8220;off|off|off&#8220; admin_label=&#8220;Portfolio (ausgeblendet)&#8220; module_class=&#8220;curli-portfolio-hidden&#8220; _builder_version=&#8220;4.21.0&#8243; _module_preset=&#8220;default&#8220; background_color=&#8220;#FFFFFF&#8220; width=&#8220;50%&#8220; min_height=&#8220;70vh&#8220; height=&#8220;70vh&#8220; max_height=&#8220;70vh&#8220; custom_padding=&#8220;2em|2em|2em|2em|true|true&#8220; custom_css_main_element=&#8220;display: none;||height: 70vh;||min-height: 70vh;||max-height: 70vh;||position: absolute;||top: 0px;||bottom: auto;||right: 0px;||left: auto;||overflow-y: auto;&#8220; collapsed=&#8220;off&#8220; global_colors_info=&#8220;{}&#8220; custom_css_main_element_last_edited=&#8220;on|desktop&#8220; custom_css_main_element_phone=&#8220;height: unset;||min-height: unset;||max-height: unset;||position: relative;||top: unset;||bottom: unset;||right: unset;||left: unset;||overflow-y: unset;&#8220; custom_css_main_element_tablet=&#8220;display: none;||height: 70vh;||min-height: 70vh;||max-height: 70vh;||position: absolute;||top: 0px;||bottom: auto;||right: 0px;||left: auto;||overflow-y: auto;&#8220;][et_pb_column type=&#8220;4_4&#8243; _builder_version=&#8220;4.21.0&#8243; _module_preset=&#8220;default&#8220; custom_padding_tablet=&#8220;&#8220; custom_padding_phone=&#8220;&#8220; custom_padding_last_edited=&#8220;on|phone&#8220; global_colors_info=&#8220;{}&#8220;][et_pb_code _builder_version=&#8220;4.24.2&#8243; _module_preset=&#8220;default&#8220; locked=&#8220;off&#8220; global_colors_info=&#8220;{}&#8220;][et_pb_section global_module=\"23234747\"][\/et_pb_section][\/et_pb_code][\/et_pb_column][\/et_pb_row][\/et_pb_section]<\/p>\n","protected":false},"excerpt":{"rendered":"<p>curli Vest Harness The GlowNEU curli Vest Harness \u2013 The GlowMaximal reflektierend im Dunkeln.\u00bbHigh-performance Hundegeschirr mit extra Sicherheitsfunktion. Der perfekte Begeliter auf Gassirunden im Dunkeln. curli Experten Tipp\u00abF\u00fcr kleine bis mittelgrosse Hunde ist das curli Vest Harness die ideale L\u00f6sung, wenn es um ein gut sitzendes Geschirr geht, das maximale Bewegungsfreiheit und optimale Sicherheit im [&hellip;]<\/p>\n","protected":false},"author":2,"featured_media":0,"parent":0,"menu_order":0,"comment_status":"closed","ping_status":"closed","template":"","meta":{"_acf_changed":false,"_et_pb_use_builder":"on","_et_pb_old_content":"","_et_gb_content_width":"","footnotes":""},"class_list":["post-23234881","page","type-page","status-publish","hentry"],"acf":[],"yoast_head":"<!-- This site is optimized with the Yoast SEO plugin v24.6 - https:\/\/yoast.com\/wordpress\/plugins\/seo\/ -->\n<title>Small to medium sized dogs \u2013 curli Vest Harness The Glow<\/title>\n<meta name=\"description\" content=\"High-performance dog harness for small to medium sized dogs. 360\u00b0 reflective for best security in the dar. Dog harness with perfect fit.\" \/>\n<meta name=\"robots\" content=\"index, follow, max-snippet:-1, max-image-preview:large, max-video-preview:-1\" \/>\n<link rel=\"canonical\" href=\"https:\/\/www.mycurli.com\/de\/small-to-medium-sized-dogs-curli-vest-harness-the-glow\/\" \/>\n<meta property=\"og:locale\" content=\"de_DE\" \/>\n<meta property=\"og:type\" content=\"article\" \/>\n<meta property=\"og:title\" content=\"Small to medium sized dogs \u2013 curli Vest Harness The Glow\" \/>\n<meta property=\"og:description\" content=\"High-performance dog harness for small to medium sized dogs. 360\u00b0 reflective for best security in the dar. Dog harness with perfect fit.\" \/>\n<meta property=\"og:url\" content=\"https:\/\/www.mycurli.com\/de\/small-to-medium-sized-dogs-curli-vest-harness-the-glow\/\" \/>\n<meta property=\"og:site_name\" content=\"curli\" \/>\n<meta property=\"article:publisher\" content=\"https:\/\/www.facebook.com\/mycurli\" \/>\n<meta property=\"article:modified_time\" content=\"2024-10-22T08:20:59+00:00\" \/>\n<meta name=\"twitter:card\" content=\"summary_large_image\" \/>\n<meta name=\"twitter:site\" content=\"@mycurli\" \/>\n<meta name=\"twitter:label1\" content=\"Gesch\u00e4tzte Lesezeit\" \/>\n\t<meta name=\"twitter:data1\" content=\"12\u00a0Minuten\" \/>\n<script type=\"application\/ld+json\" class=\"yoast-schema-graph\">{\"@context\":\"https:\/\/schema.org\",\"@graph\":[{\"@type\":\"WebPage\",\"@id\":\"https:\/\/www.mycurli.com\/de\/small-to-medium-sized-dogs-curli-vest-harness-the-glow\/\",\"url\":\"https:\/\/www.mycurli.com\/de\/small-to-medium-sized-dogs-curli-vest-harness-the-glow\/\",\"name\":\"Small to medium sized dogs \u2013 curli Vest Harness The Glow\",\"isPartOf\":{\"@id\":\"https:\/\/www.mycurli.com\/de\/#website\"},\"datePublished\":\"2024-09-23T14:29:29+00:00\",\"dateModified\":\"2024-10-22T08:20:59+00:00\",\"description\":\"High-performance dog harness for small to medium sized dogs. 360\u00b0 reflective for best security in the dar. Dog harness with perfect fit.\",\"breadcrumb\":{\"@id\":\"https:\/\/www.mycurli.com\/de\/small-to-medium-sized-dogs-curli-vest-harness-the-glow\/#breadcrumb\"},\"inLanguage\":\"de\",\"potentialAction\":[{\"@type\":\"ReadAction\",\"target\":[\"https:\/\/www.mycurli.com\/de\/small-to-medium-sized-dogs-curli-vest-harness-the-glow\/\"]}]},{\"@type\":\"BreadcrumbList\",\"@id\":\"https:\/\/www.mycurli.com\/de\/small-to-medium-sized-dogs-curli-vest-harness-the-glow\/#breadcrumb\",\"itemListElement\":[{\"@type\":\"ListItem\",\"position\":1,\"name\":\"Home\",\"item\":\"https:\/\/www.mycurli.com\/de\/\"},{\"@type\":\"ListItem\",\"position\":2,\"name\":\"Small to medium sized dogs \u2013 curli Vest Harness The Glow\"}]},{\"@type\":\"WebSite\",\"@id\":\"https:\/\/www.mycurli.com\/de\/#website\",\"url\":\"https:\/\/www.mycurli.com\/de\/\",\"name\":\"curli\",\"description\":\"The Harness specialist from Switzerland\",\"potentialAction\":[{\"@type\":\"SearchAction\",\"target\":{\"@type\":\"EntryPoint\",\"urlTemplate\":\"https:\/\/www.mycurli.com\/de\/?s={search_term_string}\"},\"query-input\":{\"@type\":\"PropertyValueSpecification\",\"valueRequired\":true,\"valueName\":\"search_term_string\"}}],\"inLanguage\":\"de\"}]}<\/script>\n<!-- \/ Yoast SEO plugin. -->","yoast_head_json":{"title":"Small to medium sized dogs \u2013 curli Vest Harness The Glow","description":"High-performance dog harness for small to medium sized dogs. 360\u00b0 reflective for best security in the dar. Dog harness with perfect fit.","robots":{"index":"index","follow":"follow","max-snippet":"max-snippet:-1","max-image-preview":"max-image-preview:large","max-video-preview":"max-video-preview:-1"},"canonical":"https:\/\/www.mycurli.com\/de\/small-to-medium-sized-dogs-curli-vest-harness-the-glow\/","og_locale":"de_DE","og_type":"article","og_title":"Small to medium sized dogs \u2013 curli Vest Harness The Glow","og_description":"High-performance dog harness for small to medium sized dogs. 360\u00b0 reflective for best security in the dar. Dog harness with perfect fit.","og_url":"https:\/\/www.mycurli.com\/de\/small-to-medium-sized-dogs-curli-vest-harness-the-glow\/","og_site_name":"curli","article_publisher":"https:\/\/www.facebook.com\/mycurli","article_modified_time":"2024-10-22T08:20:59+00:00","twitter_card":"summary_large_image","twitter_site":"@mycurli","twitter_misc":{"Gesch\u00e4tzte Lesezeit":"12\u00a0Minuten"},"schema":{"@context":"https:\/\/schema.org","@graph":[{"@type":"WebPage","@id":"https:\/\/www.mycurli.com\/de\/small-to-medium-sized-dogs-curli-vest-harness-the-glow\/","url":"https:\/\/www.mycurli.com\/de\/small-to-medium-sized-dogs-curli-vest-harness-the-glow\/","name":"Small to medium sized dogs \u2013 curli Vest Harness The Glow","isPartOf":{"@id":"https:\/\/www.mycurli.com\/de\/#website"},"datePublished":"2024-09-23T14:29:29+00:00","dateModified":"2024-10-22T08:20:59+00:00","description":"High-performance dog harness for small to medium sized dogs. 360\u00b0 reflective for best security in the dar. Dog harness with perfect fit.","breadcrumb":{"@id":"https:\/\/www.mycurli.com\/de\/small-to-medium-sized-dogs-curli-vest-harness-the-glow\/#breadcrumb"},"inLanguage":"de","potentialAction":[{"@type":"ReadAction","target":["https:\/\/www.mycurli.com\/de\/small-to-medium-sized-dogs-curli-vest-harness-the-glow\/"]}]},{"@type":"BreadcrumbList","@id":"https:\/\/www.mycurli.com\/de\/small-to-medium-sized-dogs-curli-vest-harness-the-glow\/#breadcrumb","itemListElement":[{"@type":"ListItem","position":1,"name":"Home","item":"https:\/\/www.mycurli.com\/de\/"},{"@type":"ListItem","position":2,"name":"Small to medium sized dogs \u2013 curli Vest Harness The Glow"}]},{"@type":"WebSite","@id":"https:\/\/www.mycurli.com\/de\/#website","url":"https:\/\/www.mycurli.com\/de\/","name":"curli","description":"The Harness specialist from Switzerland","potentialAction":[{"@type":"SearchAction","target":{"@type":"EntryPoint","urlTemplate":"https:\/\/www.mycurli.com\/de\/?s={search_term_string}"},"query-input":{"@type":"PropertyValueSpecification","valueRequired":true,"valueName":"search_term_string"}}],"inLanguage":"de"}]}},"_links":{"self":[{"href":"https:\/\/www.mycurli.com\/de\/wp-json\/wp\/v2\/pages\/23234881","targetHints":{"allow":["GET"]}}],"collection":[{"href":"https:\/\/www.mycurli.com\/de\/wp-json\/wp\/v2\/pages"}],"about":[{"href":"https:\/\/www.mycurli.com\/de\/wp-json\/wp\/v2\/types\/page"}],"author":[{"embeddable":true,"href":"https:\/\/www.mycurli.com\/de\/wp-json\/wp\/v2\/users\/2"}],"replies":[{"embeddable":true,"href":"https:\/\/www.mycurli.com\/de\/wp-json\/wp\/v2\/comments?post=23234881"}],"version-history":[{"count":4,"href":"https:\/\/www.mycurli.com\/de\/wp-json\/wp\/v2\/pages\/23234881\/revisions"}],"predecessor-version":[{"id":23235027,"href":"https:\/\/www.mycurli.com\/de\/wp-json\/wp\/v2\/pages\/23234881\/revisions\/23235027"}],"wp:attachment":[{"href":"https:\/\/www.mycurli.com\/de\/wp-json\/wp\/v2\/media?parent=23234881"}],"curies":[{"name":"wp","href":"https:\/\/api.w.org\/{rel}","templated":true}]}}